{"id":1917,"date":"2024-09-15T15:55:19","date_gmt":"2024-09-15T13:55:19","guid":{"rendered":"https:\/\/kuensterfoto.de\/testseite\/?page_id=1917"},"modified":"2024-09-15T16:29:05","modified_gmt":"2024-09-15T14:29:05","slug":"paare-und-elopements","status":"publish","type":"page","link":"https:\/\/kuensterfoto.de\/testseite\/paare-und-elopements\/","title":{"rendered":"Paare und Elopements"},"content":{"rendered":"<style>.kb-row-layout-id1917_899a65-68 > .kt-row-column-wrap{align-content:start;}:where(.kb-row-layout-id1917_899a65-68 > .kt-row-column-wrap) > .wp-block-kadence-column{justify-content:start;}.kb-row-layout-id1917_899a65-68 > .kt-row-column-wrap{column-gap:var(--global-kb-gap-md, 2rem);row-gap:var(--global-kb-gap-sm, 1rem);max-width:var( --global-content-width, 1290px );padding-left:var(--global-content-edge-padding);padding-right:var(--global-content-edge-padding);padding-top:var(--global-kb-spacing-xxl, 5rem);padding-bottom:var(--global-kb-spacing-xxl, 5rem);grid-template-columns:minmax(0, 1fr);}.kb-row-layout-id1917_899a65-68 > .kt-row-layout-overlay{opacity:0.30;}@media all and (max-width: 1024px){.kb-row-layout-id1917_899a65-68 > .kt-row-column-wrap{grid-template-columns:minmax(0, 1fr);}}@media all and (max-width: 767px){.kb-row-layout-id1917_899a65-68 > .kt-row-column-wrap{grid-template-columns:minmax(0, 1fr);}}<\/style><div class=\"kb-row-layout-wrap kb-row-layout-id1917_899a65-68 alignfull has-theme-palette9-background-color kt-row-has-bg wp-block-kadence-rowlayout\"><div class=\"kt-row-column-wrap kt-has-1-columns kt-row-layout-equal kt-tab-layout-inherit kt-mobile-layout-row kt-row-valign-top kb-theme-content-width\">\n<style>.kadence-column1917_b2c34e-b7 > .kt-inside-inner-col,.kadence-column1917_b2c34e-b7 > .kt-inside-inner-col:before{border-top-left-radius:0px;border-top-right-radius:0px;border-bottom-right-radius:0px;border-bottom-left-radius:0px;}.kadence-column1917_b2c34e-b7 > .kt-inside-inner-col{column-gap:var(--global-kb-gap-sm, 1rem);}.kadence-column1917_b2c34e-b7 > .kt-inside-inner-col{flex-direction:column;}.kadence-column1917_b2c34e-b7 > .kt-inside-inner-col > .aligncenter{width:100%;}.kadence-column1917_b2c34e-b7 > .kt-inside-inner-col:before{opacity:0.3;}.kadence-column1917_b2c34e-b7{position:relative;}@media all and (max-width: 1024px){.kadence-column1917_b2c34e-b7 > .kt-inside-inner-col{flex-direction:column;}}@media all and (max-width: 767px){.kadence-column1917_b2c34e-b7 > .kt-inside-inner-col{flex-direction:column;}}<\/style>\n<div class=\"wp-block-kadence-column kadence-column1917_b2c34e-b7\"><div class=\"kt-inside-inner-col\"><style>.wp-block-kadence-advancedheading.kt-adv-heading1917_86d797-30, .wp-block-kadence-advancedheading.kt-adv-heading1917_86d797-30[data-kb-block=\"kb-adv-heading1917_86d797-30\"]{margin-bottom:var(--global-kb-spacing-md, 2rem);text-align:center;font-size:var(--global-kb-font-size-xl, 3rem);line-height:1.2;font-style:normal;text-transform:uppercase;}.wp-block-kadence-advancedheading.kt-adv-heading1917_86d797-30 mark, .wp-block-kadence-advancedheading.kt-adv-heading1917_86d797-30[data-kb-block=\"kb-adv-heading1917_86d797-30\"] mark{font-style:normal;color:#f76a0c;padding-top:0px;padding-right:0px;padding-bottom:0px;padding-left:0px;}<\/style>\n<h2 class=\"kt-adv-heading1917_86d797-30 wp-block-kadence-advancedheading has-theme-palette-3-color has-text-color\" data-kb-block=\"kb-adv-heading1917_86d797-30\">Paarsessions + Elopements<\/h2>\n\n\n\n<p class=\"has-text-align-center has-small-font-size\">Viele Paare w\u00fcnschen sich eine Kennenlernsession vor der Hochzeit. Deshalb sind sie mittlerweile Bestandteil all meiner Pakete. Wir planen jede Paarsession individuell, ob als Picknick am Strand, als Ausflug an den Bergsee oder als Spaziergang im Wald.<br>Selbstverst\u00e4ndlich biete ich auch Paarsessions ohne Hochzeitsbegleitung an. Wenn ihr einen besonderen Tag in eurem Urlaub oder einfach nur eine sch\u00f6ne Erinnerung f\u00fcr euch und eure Familie festhalten wollt, k\u00f6nnt ihr mich gerne kontaktieren. Ich freue mich darauf von euren Pl\u00e4nen zu h\u00f6ren.<\/p>\n\n\n<style>.kb-posts-id-1917_4c1392-0c .entry.loop-entry .entry-header .entry-title{text-transform:uppercase;}.kb-posts-id-1917_4c1392-0c .loop-entry{background:transparent;box-shadow:none;}.kb-posts-id-1917_4c1392-0c .loop-entry > .entry-content-wrap{padding:0px;}.kb-posts-id-1917_4c1392-0c .loop-entry .post-thumbnail{margin-bottom:1em;}<\/style><div class=\"wp-block-kadence-posts kb-posts kb-posts-id-1917_4c1392-0c content-wrap grid-cols kb-posts-style-unboxed grid-sm-col-2 grid-lg-col-3 item-image-style-above\"><article class=\"entry content-bg loop-entry post-2239 post type-post status-publish format-standard has-post-thumbnail hentry category-paarsession\">\n\t\t\t<a class=\"post-thumbnail kadence-thumbnail-ratio-2-3\" href=\"https:\/\/kuensterfoto.de\/testseite\/2024\/07\/18\/sonnenuntergang-am-in-den-bergen\/\">\n\t\t\t<div class=\"post-thumbnail-inner\">\n\t\t\t\t<img loading=\"lazy\" decoding=\"async\" width=\"768\" height=\"512\" src=\"https:\/\/kuensterfoto.de\/testseite\/wp-content\/uploads\/2024\/09\/49-PS-Janset-and-Florian-107_2-768x512.jpg\" class=\"attachment-medium_large size-medium_large wp-post-image\" alt=\"Sonnenuntergang in den Bergen\" srcset=\"https:\/\/kuensterfoto.de\/testseite\/wp-content\/uploads\/2024\/09\/49-PS-Janset-and-Florian-107_2-768x512.jpg 768w, https:\/\/kuensterfoto.de\/testseite\/wp-content\/uploads\/2024\/09\/49-PS-Janset-and-Florian-107_2-300x200.jpg 300w, https:\/\/kuensterfoto.de\/testseite\/wp-content\/uploads\/2024\/09\/49-PS-Janset-and-Florian-107_2-1024x683.jpg 1024w, https:\/\/kuensterfoto.de\/testseite\/wp-content\/uploads\/2024\/09\/49-PS-Janset-and-Florian-107_2-1536x1024.jpg 1536w, https:\/\/kuensterfoto.de\/testseite\/wp-content\/uploads\/2024\/09\/49-PS-Janset-and-Florian-107_2.jpg 1920w\" sizes=\"auto, (max-width: 768px) 100vw, 768px\" \/>\t\t\t<\/div>\n\t\t<\/a><!-- .post-thumbnail -->\n\t\t\t<div class=\"entry-content-wrap\">\n\t\t<header class=\"entry-header\">\n\t\t<div class=\"entry-taxonomies\">\n\t\t<span class=\"category-links term-links category-style-normal\">\n\t\t\t<a href=\"https:\/\/kuensterfoto.de\/testseite\/category\/paarsession\/\" rel=\"category tag\">Paarsession<\/a>\t\t<\/span>\n\t<\/div><!-- .entry-taxonomies -->\n\t<h2 class=\"entry-title\"><a href=\"https:\/\/kuensterfoto.de\/testseite\/2024\/07\/18\/sonnenuntergang-am-in-den-bergen\/\" rel=\"bookmark\">Sonnenuntergang in den Bergen<\/a><\/h2><\/header><!-- .entry-header -->\n\t<div class=\"entry-summary\">\n\t\t<p>Romantische Session am Piburger See An einem wundersch\u00f6nen Sommerabend traf ich mich mit Janset und Florian f\u00fcr eine Fotosession am Piburger See im \u00d6tztal. Zur goldenen Stunde verwandelte sich die Umgebung in warmes Licht \u2013 perfekt, um die nat\u00fcrlichen und ungezwungenen Momente des Paares festzuhalten. Hand in Hand spazierten sie durch die Wiesen und zwischen&#8230;<\/p>\n\t<\/div><!-- .entry-summary -->\n\t<footer class=\"entry-footer\">\n\t\t\t<div class=\"entry-actions\">\n\t\t\t<p class=\"more-link-wrap\">\n\t\t\t\t<a href=\"https:\/\/kuensterfoto.de\/testseite\/2024\/07\/18\/sonnenuntergang-am-in-den-bergen\/\" class=\"post-more-link\">\n\t\t\t\t\tWeiterlesen<span class=\"screen-reader-text\"> Sonnenuntergang in den Bergen<\/span><span class=\"kadence-svg-iconset svg-baseline\"><svg aria-hidden=\"true\" class=\"kadence-svg-icon kadence-arrow-right-alt-svg\" fill=\"currentColor\" version=\"1.1\" xmlns=\"http:\/\/www.w3.org\/2000\/svg\" width=\"27\" height=\"28\" viewBox=\"0 0 27 28\"><title>Weiter<\/title><path d=\"M27 13.953c0 0.141-0.063 0.281-0.156 0.375l-6 5.531c-0.156 0.141-0.359 0.172-0.547 0.094-0.172-0.078-0.297-0.25-0.297-0.453v-3.5h-19.5c-0.281 0-0.5-0.219-0.5-0.5v-3c0-0.281 0.219-0.5 0.5-0.5h19.5v-3.5c0-0.203 0.109-0.375 0.297-0.453s0.391-0.047 0.547 0.078l6 5.469c0.094 0.094 0.156 0.219 0.156 0.359v0z\"><\/path>\n\t\t\t<\/svg><\/span>\t\t\t\t<\/a>\n\t\t\t<\/p>\n\t\t<\/div><!-- .entry-actions -->\n\t\t<\/footer><!-- .entry-footer -->\t<\/div>\n<\/article>\n<article class=\"entry content-bg loop-entry post-2368 post type-post status-publish format-standard has-post-thumbnail hentry category-paarsession\">\n\t\t\t<a class=\"post-thumbnail kadence-thumbnail-ratio-2-3\" href=\"https:\/\/kuensterfoto.de\/testseite\/2024\/07\/07\/waldspaziergang-in-wundervollem-licht\/\">\n\t\t\t<div class=\"post-thumbnail-inner\">\n\t\t\t\t<img loading=\"lazy\" decoding=\"async\" width=\"768\" height=\"512\" src=\"https:\/\/kuensterfoto.de\/testseite\/wp-content\/uploads\/2024\/09\/24-Julia-und-David-075-768x512.jpg\" class=\"attachment-medium_large size-medium_large wp-post-image\" alt=\"Waldspaziergang in wundervollem Licht\" srcset=\"https:\/\/kuensterfoto.de\/testseite\/wp-content\/uploads\/2024\/09\/24-Julia-und-David-075-768x512.jpg 768w, https:\/\/kuensterfoto.de\/testseite\/wp-content\/uploads\/2024\/09\/24-Julia-und-David-075-300x200.jpg 300w, https:\/\/kuensterfoto.de\/testseite\/wp-content\/uploads\/2024\/09\/24-Julia-und-David-075-1024x683.jpg 1024w, https:\/\/kuensterfoto.de\/testseite\/wp-content\/uploads\/2024\/09\/24-Julia-und-David-075-1536x1024.jpg 1536w, https:\/\/kuensterfoto.de\/testseite\/wp-content\/uploads\/2024\/09\/24-Julia-und-David-075.jpg 1920w\" sizes=\"auto, (max-width: 768px) 100vw, 768px\" \/>\t\t\t<\/div>\n\t\t<\/a><!-- .post-thumbnail -->\n\t\t\t<div class=\"entry-content-wrap\">\n\t\t<header class=\"entry-header\">\n\t\t<div class=\"entry-taxonomies\">\n\t\t<span class=\"category-links term-links category-style-normal\">\n\t\t\t<a href=\"https:\/\/kuensterfoto.de\/testseite\/category\/paarsession\/\" rel=\"category tag\">Paarsession<\/a>\t\t<\/span>\n\t<\/div><!-- .entry-taxonomies -->\n\t<h2 class=\"entry-title\"><a href=\"https:\/\/kuensterfoto.de\/testseite\/2024\/07\/07\/waldspaziergang-in-wundervollem-licht\/\" rel=\"bookmark\">Waldspaziergang in wundervollem Licht<\/a><\/h2><\/header><!-- .entry-header -->\n\t<div class=\"entry-summary\">\n\t\t<p>Julia und David feiern ihre tiefe Verbindung Julia und David wollten eine ruhige, intime Session \u2013 fernab vom Trubel, mitten im Wald. Die nat\u00fcrliche Umgebung, das sanfte Licht und die ruhigen Farben schufen die perfekte Kulisse f\u00fcr dieses Paarshooting. Vom ersten Moment an sp\u00fcrte man die besondere Verbindung zwischen den beiden, die sich in jedem&#8230;<\/p>\n\t<\/div><!-- .entry-summary -->\n\t<footer class=\"entry-footer\">\n\t\t\t<div class=\"entry-actions\">\n\t\t\t<p class=\"more-link-wrap\">\n\t\t\t\t<a href=\"https:\/\/kuensterfoto.de\/testseite\/2024\/07\/07\/waldspaziergang-in-wundervollem-licht\/\" class=\"post-more-link\">\n\t\t\t\t\tWeiterlesen<span class=\"screen-reader-text\"> Waldspaziergang in wundervollem Licht<\/span><span class=\"kadence-svg-iconset svg-baseline\"><svg aria-hidden=\"true\" class=\"kadence-svg-icon kadence-arrow-right-alt-svg\" fill=\"currentColor\" version=\"1.1\" xmlns=\"http:\/\/www.w3.org\/2000\/svg\" width=\"27\" height=\"28\" viewBox=\"0 0 27 28\"><title>Weiter<\/title><path d=\"M27 13.953c0 0.141-0.063 0.281-0.156 0.375l-6 5.531c-0.156 0.141-0.359 0.172-0.547 0.094-0.172-0.078-0.297-0.25-0.297-0.453v-3.5h-19.5c-0.281 0-0.5-0.219-0.5-0.5v-3c0-0.281 0.219-0.5 0.5-0.5h19.5v-3.5c0-0.203 0.109-0.375 0.297-0.453s0.391-0.047 0.547 0.078l6 5.469c0.094 0.094 0.156 0.219 0.156 0.359v0z\"><\/path>\n\t\t\t<\/svg><\/span>\t\t\t\t<\/a>\n\t\t\t<\/p>\n\t\t<\/div><!-- .entry-actions -->\n\t\t<\/footer><!-- .entry-footer -->\t<\/div>\n<\/article>\n<article class=\"entry content-bg loop-entry post-2310 post type-post status-publish format-standard has-post-thumbnail hentry category-paarsession\">\n\t\t\t<a class=\"post-thumbnail kadence-thumbnail-ratio-2-3\" href=\"https:\/\/kuensterfoto.de\/testseite\/2024\/05\/01\/emotionaler-ausflug-ins-gruene\/\">\n\t\t\t<div class=\"post-thumbnail-inner\">\n\t\t\t\t<img loading=\"lazy\" decoding=\"async\" width=\"768\" height=\"512\" src=\"https:\/\/kuensterfoto.de\/testseite\/wp-content\/uploads\/2024\/09\/29-PS-Jasmin-und-Eric-126-768x512.jpg\" class=\"attachment-medium_large size-medium_large wp-post-image\" alt=\"Emotionaler Ausflug ins Gr\u00fcne\" srcset=\"https:\/\/kuensterfoto.de\/testseite\/wp-content\/uploads\/2024\/09\/29-PS-Jasmin-und-Eric-126-768x512.jpg 768w, https:\/\/kuensterfoto.de\/testseite\/wp-content\/uploads\/2024\/09\/29-PS-Jasmin-und-Eric-126-300x200.jpg 300w, https:\/\/kuensterfoto.de\/testseite\/wp-content\/uploads\/2024\/09\/29-PS-Jasmin-und-Eric-126-1024x683.jpg 1024w, https:\/\/kuensterfoto.de\/testseite\/wp-content\/uploads\/2024\/09\/29-PS-Jasmin-und-Eric-126-1536x1024.jpg 1536w, https:\/\/kuensterfoto.de\/testseite\/wp-content\/uploads\/2024\/09\/29-PS-Jasmin-und-Eric-126.jpg 1920w\" sizes=\"auto, (max-width: 768px) 100vw, 768px\" \/>\t\t\t<\/div>\n\t\t<\/a><!-- .post-thumbnail -->\n\t\t\t<div class=\"entry-content-wrap\">\n\t\t<header class=\"entry-header\">\n\t\t<div class=\"entry-taxonomies\">\n\t\t<span class=\"category-links term-links category-style-normal\">\n\t\t\t<a href=\"https:\/\/kuensterfoto.de\/testseite\/category\/paarsession\/\" rel=\"category tag\">Paarsession<\/a>\t\t<\/span>\n\t<\/div><!-- .entry-taxonomies -->\n\t<h2 class=\"entry-title\"><a href=\"https:\/\/kuensterfoto.de\/testseite\/2024\/05\/01\/emotionaler-ausflug-ins-gruene\/\" rel=\"bookmark\">Emotionaler Ausflug ins Gr\u00fcne<\/a><\/h2><\/header><!-- .entry-header -->\n\t<div class=\"entry-summary\">\n\t\t<p>Gel\u00fcbde zwischen alten B\u00e4umen in der Vordereifel Die Fotosession mit Jasmin und Eric fand an einem wundersch\u00f6nen Nachmittag inmitten der Natur statt. Die warmen T\u00f6ne des Tages und die ruhige Umgebung haben dazu beigetragen, intime und emotionale Momente einzufangen, die die tiefe Verbindung zwischen den beiden widerspiegeln. Wir starteten die Session mit einem entspannten Spaziergang&#8230;<\/p>\n\t<\/div><!-- .entry-summary -->\n\t<footer class=\"entry-footer\">\n\t\t\t<div class=\"entry-actions\">\n\t\t\t<p class=\"more-link-wrap\">\n\t\t\t\t<a href=\"https:\/\/kuensterfoto.de\/testseite\/2024\/05\/01\/emotionaler-ausflug-ins-gruene\/\" class=\"post-more-link\">\n\t\t\t\t\tWeiterlesen<span class=\"screen-reader-text\"> Emotionaler Ausflug ins Gr\u00fcne<\/span><span class=\"kadence-svg-iconset svg-baseline\"><svg aria-hidden=\"true\" class=\"kadence-svg-icon kadence-arrow-right-alt-svg\" fill=\"currentColor\" version=\"1.1\" xmlns=\"http:\/\/www.w3.org\/2000\/svg\" width=\"27\" height=\"28\" viewBox=\"0 0 27 28\"><title>Weiter<\/title><path d=\"M27 13.953c0 0.141-0.063 0.281-0.156 0.375l-6 5.531c-0.156 0.141-0.359 0.172-0.547 0.094-0.172-0.078-0.297-0.25-0.297-0.453v-3.5h-19.5c-0.281 0-0.5-0.219-0.5-0.5v-3c0-0.281 0.219-0.5 0.5-0.5h19.5v-3.5c0-0.203 0.109-0.375 0.297-0.453s0.391-0.047 0.547 0.078l6 5.469c0.094 0.094 0.156 0.219 0.156 0.359v0z\"><\/path>\n\t\t\t<\/svg><\/span>\t\t\t\t<\/a>\n\t\t\t<\/p>\n\t\t<\/div><!-- .entry-actions -->\n\t\t<\/footer><!-- .entry-footer -->\t<\/div>\n<\/article>\n<article class=\"entry content-bg loop-entry post-2425 post type-post status-publish format-standard has-post-thumbnail hentry category-paarsession\">\n\t\t\t<a class=\"post-thumbnail kadence-thumbnail-ratio-2-3\" href=\"https:\/\/kuensterfoto.de\/testseite\/2024\/04\/22\/stimmungsvoller-ausflug-zu-den-irreler-wasserfaellen\/\">\n\t\t\t<div class=\"post-thumbnail-inner\">\n\t\t\t\t<img loading=\"lazy\" decoding=\"async\" width=\"768\" height=\"512\" src=\"https:\/\/kuensterfoto.de\/testseite\/wp-content\/uploads\/2024\/09\/11-PS-Eva-und-Andrey-026-768x512.jpg\" class=\"attachment-medium_large size-medium_large wp-post-image\" alt=\"Stimmungsvoller Ausflug zu den Irreler Wasserf\u00e4llen\" srcset=\"https:\/\/kuensterfoto.de\/testseite\/wp-content\/uploads\/2024\/09\/11-PS-Eva-und-Andrey-026-768x512.jpg 768w, https:\/\/kuensterfoto.de\/testseite\/wp-content\/uploads\/2024\/09\/11-PS-Eva-und-Andrey-026-300x200.jpg 300w, https:\/\/kuensterfoto.de\/testseite\/wp-content\/uploads\/2024\/09\/11-PS-Eva-und-Andrey-026-1024x683.jpg 1024w, https:\/\/kuensterfoto.de\/testseite\/wp-content\/uploads\/2024\/09\/11-PS-Eva-und-Andrey-026-1536x1024.jpg 1536w, https:\/\/kuensterfoto.de\/testseite\/wp-content\/uploads\/2024\/09\/11-PS-Eva-und-Andrey-026.jpg 1920w\" sizes=\"auto, (max-width: 768px) 100vw, 768px\" \/>\t\t\t<\/div>\n\t\t<\/a><!-- .post-thumbnail -->\n\t\t\t<div class=\"entry-content-wrap\">\n\t\t<header class=\"entry-header\">\n\t\t<div class=\"entry-taxonomies\">\n\t\t<span class=\"category-links term-links category-style-normal\">\n\t\t\t<a href=\"https:\/\/kuensterfoto.de\/testseite\/category\/paarsession\/\" rel=\"category tag\">Paarsession<\/a>\t\t<\/span>\n\t<\/div><!-- .entry-taxonomies -->\n\t<h2 class=\"entry-title\"><a href=\"https:\/\/kuensterfoto.de\/testseite\/2024\/04\/22\/stimmungsvoller-ausflug-zu-den-irreler-wasserfaellen\/\" rel=\"bookmark\">Stimmungsvoller Ausflug zu den Irreler Wasserf\u00e4llen<\/a><\/h2><\/header><!-- .entry-header -->\n\t<div class=\"entry-summary\">\n\t\t<p>ein frischer Vormittag in der Westeifel Diese Kennenlern-Session war eines meiner Highlights. Eva und Andrey durfte ich zwei Monate sp\u00e4ter bei ihrer Hochzeit begleiten. F\u00fcr mich war es der erste Ausflug zu den Irreler Wasserf\u00e4llen, die es in ihrer fr\u00fcheren Form leider nicht mehr gibt. Die Flut von 2021 hat die F\u00e4lle zerst\u00f6rt. Trotzdem ist&#8230;<\/p>\n\t<\/div><!-- .entry-summary -->\n\t<footer class=\"entry-footer\">\n\t\t\t<div class=\"entry-actions\">\n\t\t\t<p class=\"more-link-wrap\">\n\t\t\t\t<a href=\"https:\/\/kuensterfoto.de\/testseite\/2024\/04\/22\/stimmungsvoller-ausflug-zu-den-irreler-wasserfaellen\/\" class=\"post-more-link\">\n\t\t\t\t\tWeiterlesen<span class=\"screen-reader-text\"> Stimmungsvoller Ausflug zu den Irreler Wasserf\u00e4llen<\/span><span class=\"kadence-svg-iconset svg-baseline\"><svg aria-hidden=\"true\" class=\"kadence-svg-icon kadence-arrow-right-alt-svg\" fill=\"currentColor\" version=\"1.1\" xmlns=\"http:\/\/www.w3.org\/2000\/svg\" width=\"27\" height=\"28\" viewBox=\"0 0 27 28\"><title>Weiter<\/title><path d=\"M27 13.953c0 0.141-0.063 0.281-0.156 0.375l-6 5.531c-0.156 0.141-0.359 0.172-0.547 0.094-0.172-0.078-0.297-0.25-0.297-0.453v-3.5h-19.5c-0.281 0-0.5-0.219-0.5-0.5v-3c0-0.281 0.219-0.5 0.5-0.5h19.5v-3.5c0-0.203 0.109-0.375 0.297-0.453s0.391-0.047 0.547 0.078l6 5.469c0.094 0.094 0.156 0.219 0.156 0.359v0z\"><\/path>\n\t\t\t<\/svg><\/span>\t\t\t\t<\/a>\n\t\t\t<\/p>\n\t\t<\/div><!-- .entry-actions -->\n\t\t<\/footer><!-- .entry-footer -->\t<\/div>\n<\/article>\n<\/div><\/div><\/div>\n\n<\/div><\/div>\n\n<style>.kb-row-layout-id1917_807495-9a > .kt-row-column-wrap{align-content:start;}:where(.kb-row-layout-id1917_807495-9a > .kt-row-column-wrap) > .wp-block-kadence-column{justify-content:start;}.kb-row-layout-id1917_807495-9a > .kt-row-column-wrap{column-gap:var(--global-kb-gap-md, 2rem);row-gap:var(--global-kb-gap-md, 2rem);max-width:600px;margin-left:auto;margin-right:auto;padding-top:140px;padding-right:0px;padding-bottom:140px;padding-left:0px;grid-template-columns:minmax(0, 1fr);}.kb-row-layout-id1917_807495-9a{background-image:url('http:\/\/kuensterfoto.de\/testseite\/wp-content\/uploads\/2024\/09\/47-PS-Janset-and-Florian-100.jpg');background-size:cover;background-position:48% 95%;background-attachment:fixed;background-repeat:no-repeat;}.kb-row-layout-id1917_807495-9a > .kt-row-layout-overlay{opacity:0.39;background-color:var(--global-palette9, #ffffff);mix-blend-mode:normal;}@media all and (max-width: 1024px), only screen and (min-device-width: 1024px) and (max-device-width: 1366px) and (-webkit-min-device-pixel-ratio: 2) and (orientation: landscape) and (hover: none){.kb-row-layout-id1917_807495-9a{background-attachment:scroll;}}@media all and (max-width: 1024px){.kb-row-layout-id1917_807495-9a > .kt-row-column-wrap{grid-template-columns:minmax(0, 1fr);}}@media all and (max-width: 767px){.kb-row-layout-id1917_807495-9a > .kt-row-column-wrap{padding-top:90px;padding-right:15px;padding-bottom:90px;padding-left:15px;grid-template-columns:minmax(0, 1fr);}}<\/style><div class=\"kb-row-layout-wrap kb-row-layout-id1917_807495-9a alignfull kt-row-has-bg wp-block-kadence-rowlayout\"><div class=\"kt-row-layout-overlay kt-row-overlay-normal\"><\/div><div class=\"kt-row-column-wrap kt-has-1-columns kt-row-layout-equal kt-tab-layout-inherit kt-mobile-layout-row kt-row-valign-top\">\n<style>.kadence-column1917_8b1509-bb > .kt-inside-inner-col{padding-top:10px;padding-right:10px;padding-bottom:10px;padding-left:10px;}.kadence-column1917_8b1509-bb > .kt-inside-inner-col,.kadence-column1917_8b1509-bb > .kt-inside-inner-col:before{border-top-left-radius:0px;border-top-right-radius:0px;border-bottom-right-radius:0px;border-bottom-left-radius:0px;}.kadence-column1917_8b1509-bb > .kt-inside-inner-col{column-gap:var(--global-kb-gap-sm, 1rem);}.kadence-column1917_8b1509-bb > .kt-inside-inner-col{flex-direction:column;}.kadence-column1917_8b1509-bb > .kt-inside-inner-col > .aligncenter{width:100%;}.kadence-column1917_8b1509-bb > .kt-inside-inner-col:before{opacity:0.3;}.kadence-column1917_8b1509-bb{position:relative;}@media all and (max-width: 1024px){.kadence-column1917_8b1509-bb > .kt-inside-inner-col{flex-direction:column;}}@media all and (max-width: 767px){.kadence-column1917_8b1509-bb > .kt-inside-inner-col{flex-direction:column;}}<\/style>\n<div class=\"wp-block-kadence-column kadence-column1917_8b1509-bb inner-column-1\"><div class=\"kt-inside-inner-col\"><style>.wp-block-kadence-advancedbtn.kt-btns1917_a8a5ec-a3, .site .entry-content .wp-block-kadence-advancedbtn.kt-btns1917_a8a5ec-a3, .wp-block-kadence-advancedbtn.kb-btns1917_a8a5ec-a3, .site .entry-content .wp-block-kadence-advancedbtn.kb-btns1917_a8a5ec-a3{margin-top:0px;margin-bottom:-5px;}.wp-block-kadence-advancedbtn.kb-btns1917_a8a5ec-a3{gap:var(--global-kb-gap-xs, 0.5rem );justify-content:center;align-items:center;}.kt-btns1917_a8a5ec-a3 .kt-button{font-weight:normal;font-style:normal;}<\/style>\n<div class=\"wp-block-kadence-advancedbtn kb-buttons-wrap kb-btns1917_a8a5ec-a3\"><style>ul.menu .wp-block-kadence-advancedbtn .kb-btn1917_021be6-11.kb-button{width:initial;}.wp-block-kadence-advancedbtn .kb-btn1917_021be6-11.kb-button{padding-top:16px;padding-bottom:16px;}@media all and (max-width: 1024px){.kb-btn1917_021be6-11.kb-button .kb-svg-icon-wrap{display:block;}}<\/style><span class=\"kb-button kt-button button kb-btn1917_021be6-11 kt-btn-size-standard kt-btn-width-type-auto kb-btn-global-inherit kt-btn-has-text-true kt-btn-has-svg-false wp-block-button__link wp-block-kadence-singlebtn\"><span class=\"kt-btn-inner-text\">Jetzt f\u00fcr eine paarsession anfragen<\/span><\/span><\/div>\n<\/div><\/div>\n\n<\/div><\/div>","protected":false},"excerpt":{"rendered":"<p>Paarsessions + Elopements Viele Paare w\u00fcnschen sich eine Kennenlernsession vor der Hochzeit. Deshalb sind sie mittlerweile Bestandteil all meiner Pakete. Wir planen jede Paarsession individuell, ob als Picknick am Strand, als Ausflug an den Bergsee oder als Spaziergang im Wald.Selbstverst\u00e4ndlich biete ich auch Paarsessions ohne Hochzeitsbegleitung an. Wenn ihr einen besonderen Tag in eurem Urlaub&#8230;<\/p>\n","protected":false},"author":1,"featured_media":0,"parent":0,"menu_order":0,"comment_status":"closed","ping_status":"closed","template":"","meta":{"_kadence_starter_templates_imported_post":false,"_kad_post_transparent":"","_kad_post_title":"","_kad_post_layout":"","_kad_post_sidebar_id":"","_kad_post_content_style":"","_kad_post_vertical_padding":"","_kad_post_feature":"","_kad_post_feature_position":"","_kad_post_header":false,"_kad_post_footer":false,"footnotes":""},"class_list":["post-1917","page","type-page","status-publish","hentry"],"_links":{"self":[{"href":"https:\/\/kuensterfoto.de\/testseite\/wp-json\/wp\/v2\/pages\/1917","targetHints":{"allow":["GET"]}}],"collection":[{"href":"https:\/\/kuensterfoto.de\/testseite\/wp-json\/wp\/v2\/pages"}],"about":[{"href":"https:\/\/kuensterfoto.de\/testseite\/wp-json\/wp\/v2\/types\/page"}],"author":[{"embeddable":true,"href":"https:\/\/kuensterfoto.de\/testseite\/wp-json\/wp\/v2\/users\/1"}],"replies":[{"embeddable":true,"href":"https:\/\/kuensterfoto.de\/testseite\/wp-json\/wp\/v2\/comments?post=1917"}],"version-history":[{"count":3,"href":"https:\/\/kuensterfoto.de\/testseite\/wp-json\/wp\/v2\/pages\/1917\/revisions"}],"predecessor-version":[{"id":2301,"href":"https:\/\/kuensterfoto.de\/testseite\/wp-json\/wp\/v2\/pages\/1917\/revisions\/2301"}],"wp:attachment":[{"href":"https:\/\/kuensterfoto.de\/testseite\/wp-json\/wp\/v2\/media?parent=1917"}],"curies":[{"name":"wp","href":"https:\/\/api.w.org\/{rel}","templated":true}]}}